{"version":"1.0","provider_name":"S\u0131la Yolu Sevenler","provider_url":"https:\/\/silayolusevenler.nl\/wp","author_name":"SYS Edit\u00f6r","author_url":"https:\/\/silayolusevenler.nl\/wp\/author\/admin\/","title":"Almanya 2021\u2019de Bir\u00e7ok Yenili\u011fe Merhaba Diyecek - S\u0131la Yolu Sevenler","type":"rich","width":600,"height":338,"html":"<blockquote class=\"wp-embedded-content\" data-secret=\"m9P2JTEazx\"><a href=\"https:\/\/silayolusevenler.nl\/wp\/guncel\/almanya-2021de-bircok-yenilige-merhaba-diyecek\/\">Almanya 2021\u2019de Bir\u00e7ok Yenili\u011fe Merhaba Diyecek<\/a><\/blockquote><iframe sandbox=\"allow-scripts\" security=\"restricted\" src=\"https:\/\/silayolusevenler.nl\/wp\/guncel\/almanya-2021de-bircok-yenilige-merhaba-diyecek\/embed\/#?secret=m9P2JTEazx\" width=\"600\" height=\"338\" title=\"&#8220;Almanya 2021\u2019de Bir\u00e7ok Yenili\u011fe Merhaba Diyecek&#8221; &#8212; S\u0131la Yolu Sevenler\" data-secret=\"m9P2JTEazx\" frameborder=\"0\" marginwidth=\"0\" marginheight=\"0\" scrolling=\"no\" class=\"wp-embedded-content\"><\/iframe><script type=\"text\/javascript\">\n\/* <![CDATA[ *\/\n\/*! This file is auto-generated *\/\n!function(d,l){\"use strict\";l.querySelector&&d.addEventListener&&\"undefined\"!=typeof URL&&(d.wp=d.wp||{},d.wp.receiveEmbedMessage||(d.wp.receiveEmbedMessage=function(e){var t=e.data;if((t||t.secret||t.message||t.value)&&!\/[^a-zA-Z0-9]\/.test(t.secret)){for(var s,r,n,a=l.querySelectorAll('iframe[data-secret=\"'+t.secret+'\"]'),o=l.querySelectorAll('blockquote[data-secret=\"'+t.secret+'\"]'),c=new RegExp(\"^https?:$\",\"i\"),i=0;i<o.length;i++)o[i].style.display=\"none\";for(i=0;i<a.length;i++)s=a[i],e.source===s.contentWindow&&(s.removeAttribute(\"style\"),\"height\"===t.message?(1e3<(r=parseInt(t.value,10))?r=1e3:~~r<200&&(r=200),s.height=r):\"link\"===t.message&&(r=new URL(s.getAttribute(\"src\")),n=new URL(t.value),c.test(n.protocol))&&n.host===r.host&&l.activeElement===s&&(d.top.location.href=t.value))}},d.addEventListener(\"message\",d.wp.receiveEmbedMessage,!1),l.addEventListener(\"DOMContentLoaded\",function(){for(var e,t,s=l.querySelectorAll(\"iframe.wp-embedded-content\"),r=0;r<s.length;r++)(t=(e=s[r]).getAttribute(\"data-secret\"))||(t=Math.random().toString(36).substring(2,12),e.src+=\"#?secret=\"+t,e.setAttribute(\"data-secret\",t)),e.contentWindow.postMessage({message:\"ready\",secret:t},\"*\")},!1)))}(window,document);\n\/* ]]> *\/\n<\/script>\n","thumbnail_url":"https:\/\/silayolusevenler.nl\/wp\/wp-content\/uploads\/2020\/12\/2021-Almanya.jpg","thumbnail_width":2048,"thumbnail_height":1152,"description":"Almanya 2021\u2019de Bir\u00e7ok Yenili\u011fe Merhaba Diyecek Almanya 2021 y\u0131l\u0131nda, temel emeklilik g\u00fcvencesi, \u00e7ocuk paras\u0131, Hartz IV ve asgari \u00fccrette gibi bir\u00e7ok alanda yenili\u011fe gidecek. Almanya yeni y\u0131la bir\u00e7ok yenilikle merhaba diyecek. Bunlardan birisi, uzun zamand\u0131r tart\u0131\u015f\u0131lan temel emeklilik g\u00fcvencesi konusu. Buna g\u00f6re yeni y\u0131ldan itibaren d\u00fc\u015f\u00fck emeklilik alan 1,3 milyon ki\u015fiye temel emeklilik g\u00fcvencesi hakk\u0131 [&hellip;]"}