{"version":"1.0","provider_name":"S\u0131la Yolu Sevenler","provider_url":"https:\/\/silayolusevenler.nl\/wp","author_name":"SYS Edit\u00f6r","author_url":"https:\/\/silayolusevenler.nl\/wp\/author\/admin\/","title":"Almanya Korona Tedbirlerini Kademeli Olarak Kald\u0131racak - S\u0131la Yolu Sevenler","type":"rich","width":600,"height":338,"html":"<blockquote class=\"wp-embedded-content\" data-secret=\"NPjfIllSXM\"><a href=\"https:\/\/silayolusevenler.nl\/wp\/guncel\/almanya-korona-tedbirlerini-kademeli-olarak-kaldiracak\/\">Almanya Korona Tedbirlerini Kademeli Olarak Kald\u0131racak<\/a><\/blockquote><iframe sandbox=\"allow-scripts\" security=\"restricted\" src=\"https:\/\/silayolusevenler.nl\/wp\/guncel\/almanya-korona-tedbirlerini-kademeli-olarak-kaldiracak\/embed\/#?secret=NPjfIllSXM\" width=\"600\" height=\"338\" title=\"&#8220;Almanya Korona Tedbirlerini Kademeli Olarak Kald\u0131racak&#8221; &#8212; S\u0131la Yolu Sevenler\" data-secret=\"NPjfIllSXM\" frameborder=\"0\" marginwidth=\"0\" marginheight=\"0\" scrolling=\"no\" class=\"wp-embedded-content\"><\/iframe><script type=\"text\/javascript\">\n\/* <![CDATA[ *\/\n\/*! This file is auto-generated *\/\n!function(d,l){\"use strict\";l.querySelector&&d.addEventListener&&\"undefined\"!=typeof URL&&(d.wp=d.wp||{},d.wp.receiveEmbedMessage||(d.wp.receiveEmbedMessage=function(e){var t=e.data;if((t||t.secret||t.message||t.value)&&!\/[^a-zA-Z0-9]\/.test(t.secret)){for(var s,r,n,a=l.querySelectorAll('iframe[data-secret=\"'+t.secret+'\"]'),o=l.querySelectorAll('blockquote[data-secret=\"'+t.secret+'\"]'),c=new RegExp(\"^https?:$\",\"i\"),i=0;i<o.length;i++)o[i].style.display=\"none\";for(i=0;i<a.length;i++)s=a[i],e.source===s.contentWindow&&(s.removeAttribute(\"style\"),\"height\"===t.message?(1e3<(r=parseInt(t.value,10))?r=1e3:~~r<200&&(r=200),s.height=r):\"link\"===t.message&&(r=new URL(s.getAttribute(\"src\")),n=new URL(t.value),c.test(n.protocol))&&n.host===r.host&&l.activeElement===s&&(d.top.location.href=t.value))}},d.addEventListener(\"message\",d.wp.receiveEmbedMessage,!1),l.addEventListener(\"DOMContentLoaded\",function(){for(var e,t,s=l.querySelectorAll(\"iframe.wp-embedded-content\"),r=0;r<s.length;r++)(t=(e=s[r]).getAttribute(\"data-secret\"))||(t=Math.random().toString(36).substring(2,12),e.src+=\"#?secret=\"+t,e.setAttribute(\"data-secret\",t)),e.contentWindow.postMessage({message:\"ready\",secret:t},\"*\")},!1)))}(window,document);\n\/* ]]> *\/\n<\/script>\n","thumbnail_url":"https:\/\/silayolusevenler.nl\/wp\/wp-content\/uploads\/2022\/02\/Almanya-Korona-Tedbirlerini-Kademeli-Olarak-Kaldiracak-scaled.jpg","thumbnail_width":2560,"thumbnail_height":1440,"description":"Almanya Korona Tedbirlerini Kademeli Olarak Kald\u0131racak Almanya korona tedbirlerini kademeli olarak kald\u0131rman\u0131n planlar\u0131n\u0131 yap\u0131yor. \u0130lk olarak d\u00fckkanlarda ve lokantalarda 2G Plus kural\u0131 kald\u0131r\u0131lacak. Almanya\u2019da federal h\u00fck\u00fcmet ve eyaletler korona salg\u0131n\u0131 dolay\u0131s\u0131yla al\u0131nan tedbir ve k\u0131s\u0131tlamalar\u0131 kald\u0131rma plan\u0131 yap\u0131yor. H\u00fck\u00fcmetin korona uzmanlar konseyi k\u0131s\u0131tlamalar\u0131n nas\u0131l kald\u0131r\u0131laca\u011f\u0131 ile ilgili olarak bir rapor haz\u0131rlad\u0131. Rapor yar\u0131n yap\u0131lacak olan [&hellip;]"}