{"version":"1.0","provider_name":"S\u0131la Yolu Sevenler","provider_url":"https:\/\/silayolusevenler.nl\/wp","author_name":"SYS Edit\u00f6r","author_url":"https:\/\/silayolusevenler.nl\/wp\/author\/admin\/","title":"Almanya'da Bir Gurbet\u00e7i Depremzede Vatanda\u015flara Hakaret Etti - S\u0131la Yolu Sevenler","type":"rich","width":600,"height":338,"html":"<blockquote class=\"wp-embedded-content\" data-secret=\"0Hj9IXRSZ8\"><a href=\"https:\/\/silayolusevenler.nl\/wp\/guncel\/almanyada-bir-gurbetci-depremzede-vatandaslara-hakaret-etti\/\">Almanya&#8217;da Bir Gurbet\u00e7i Depremzede Vatanda\u015flara Hakaret Etti<\/a><\/blockquote><iframe sandbox=\"allow-scripts\" security=\"restricted\" src=\"https:\/\/silayolusevenler.nl\/wp\/guncel\/almanyada-bir-gurbetci-depremzede-vatandaslara-hakaret-etti\/embed\/#?secret=0Hj9IXRSZ8\" width=\"600\" height=\"338\" title=\"&#8220;Almanya&#8217;da Bir Gurbet\u00e7i Depremzede Vatanda\u015flara Hakaret Etti&#8221; &#8212; S\u0131la Yolu Sevenler\" data-secret=\"0Hj9IXRSZ8\" frameborder=\"0\" marginwidth=\"0\" marginheight=\"0\" scrolling=\"no\" class=\"wp-embedded-content\"><\/iframe><script type=\"text\/javascript\">\n\/* <![CDATA[ *\/\n\/*! This file is auto-generated *\/\n!function(d,l){\"use strict\";l.querySelector&&d.addEventListener&&\"undefined\"!=typeof URL&&(d.wp=d.wp||{},d.wp.receiveEmbedMessage||(d.wp.receiveEmbedMessage=function(e){var t=e.data;if((t||t.secret||t.message||t.value)&&!\/[^a-zA-Z0-9]\/.test(t.secret)){for(var s,r,n,a=l.querySelectorAll('iframe[data-secret=\"'+t.secret+'\"]'),o=l.querySelectorAll('blockquote[data-secret=\"'+t.secret+'\"]'),c=new RegExp(\"^https?:$\",\"i\"),i=0;i<o.length;i++)o[i].style.display=\"none\";for(i=0;i<a.length;i++)s=a[i],e.source===s.contentWindow&&(s.removeAttribute(\"style\"),\"height\"===t.message?(1e3<(r=parseInt(t.value,10))?r=1e3:~~r<200&&(r=200),s.height=r):\"link\"===t.message&&(r=new URL(s.getAttribute(\"src\")),n=new URL(t.value),c.test(n.protocol))&&n.host===r.host&&l.activeElement===s&&(d.top.location.href=t.value))}},d.addEventListener(\"message\",d.wp.receiveEmbedMessage,!1),l.addEventListener(\"DOMContentLoaded\",function(){for(var e,t,s=l.querySelectorAll(\"iframe.wp-embedded-content\"),r=0;r<s.length;r++)(t=(e=s[r]).getAttribute(\"data-secret\"))||(t=Math.random().toString(36).substring(2,12),e.src+=\"#?secret=\"+t,e.setAttribute(\"data-secret\",t)),e.contentWindow.postMessage({message:\"ready\",secret:t},\"*\")},!1)))}(window,document);\n\/* ]]> *\/\n<\/script>\n","thumbnail_url":"https:\/\/silayolusevenler.nl\/wp\/wp-content\/uploads\/2023\/05\/Almanyada-Bir-Gurbetci-Depremzede-Vatandaslara-Hakaret-Etti.jpg","thumbnail_width":2048,"thumbnail_height":1152,"description":"Almanya&#8217;da Bir Gurbet\u00e7i Depremzede Vatanda\u015flara Hakaret Etti Almanya\u2019da ya\u015fayan bir d\u00f6nerci, Cumhurba\u015fkanl\u0131\u011f\u0131 se\u00e7imlerinde Erdo\u011fan\u2019\u0131 destekleyen depremzedeleri hedef alarak k\u00fcfretti. Deprem b\u00f6lgesine 12 bin Euro g\u00f6nderdi\u011fini s\u00f6yleyen d\u00f6nerci, \u201cYard\u0131mlar haram z\u0131kk\u0131m olsun. Sizler al\u00e7aks\u0131n\u0131z\u201d diyerek hakaretler ya\u011fd\u0131rd\u0131. \u0130stanbul Cumhuriyet Ba\u015fsavc\u0131l\u0131\u011f\u0131 olayla ilgili soru\u015fturma ba\u015flatt\u0131. \u015e\u00fcpheli hakk\u0131nda yakalama karar\u0131 \u00e7\u0131kar\u0131ld\u0131. \u201cYard\u0131mlar Haram Z\u0131kk\u0131m Olsun\u201d Cumhurba\u015fkanl\u0131\u011f\u0131 yar\u0131\u015f\u0131nda Recep [&hellip;]"}