{"version":"1.0","provider_name":"S\u0131la Yolu Sevenler","provider_url":"https:\/\/silayolusevenler.nl\/wp","author_name":"SYS Edit\u00f6r","author_url":"https:\/\/silayolusevenler.nl\/wp\/author\/admin\/","title":"Almanya\u2019da \u00c7ocuk Paras\u0131 Ve \u00c7ocuk Yard\u0131mlar\u0131 Art\u0131r\u0131lacak - S\u0131la Yolu Sevenler","type":"rich","width":600,"height":338,"html":"<blockquote class=\"wp-embedded-content\" data-secret=\"dqMrvjRiR0\"><a href=\"https:\/\/silayolusevenler.nl\/wp\/guncel\/almanyada-cocuk-parasi-ve-cocuk-yardimlari-artirilacak\/\">Almanya\u2019da \u00c7ocuk Paras\u0131 Ve \u00c7ocuk Yard\u0131mlar\u0131 Art\u0131r\u0131lacak<\/a><\/blockquote><iframe sandbox=\"allow-scripts\" security=\"restricted\" src=\"https:\/\/silayolusevenler.nl\/wp\/guncel\/almanyada-cocuk-parasi-ve-cocuk-yardimlari-artirilacak\/embed\/#?secret=dqMrvjRiR0\" width=\"600\" height=\"338\" title=\"&#8220;Almanya\u2019da \u00c7ocuk Paras\u0131 Ve \u00c7ocuk Yard\u0131mlar\u0131 Art\u0131r\u0131lacak&#8221; &#8212; S\u0131la Yolu Sevenler\" data-secret=\"dqMrvjRiR0\" frameborder=\"0\" marginwidth=\"0\" marginheight=\"0\" scrolling=\"no\" class=\"wp-embedded-content\"><\/iframe><script type=\"text\/javascript\">\n\/* <![CDATA[ *\/\n\/*! This file is auto-generated *\/\n!function(d,l){\"use strict\";l.querySelector&&d.addEventListener&&\"undefined\"!=typeof URL&&(d.wp=d.wp||{},d.wp.receiveEmbedMessage||(d.wp.receiveEmbedMessage=function(e){var t=e.data;if((t||t.secret||t.message||t.value)&&!\/[^a-zA-Z0-9]\/.test(t.secret)){for(var s,r,n,a=l.querySelectorAll('iframe[data-secret=\"'+t.secret+'\"]'),o=l.querySelectorAll('blockquote[data-secret=\"'+t.secret+'\"]'),c=new RegExp(\"^https?:$\",\"i\"),i=0;i<o.length;i++)o[i].style.display=\"none\";for(i=0;i<a.length;i++)s=a[i],e.source===s.contentWindow&&(s.removeAttribute(\"style\"),\"height\"===t.message?(1e3<(r=parseInt(t.value,10))?r=1e3:~~r<200&&(r=200),s.height=r):\"link\"===t.message&&(r=new URL(s.getAttribute(\"src\")),n=new URL(t.value),c.test(n.protocol))&&n.host===r.host&&l.activeElement===s&&(d.top.location.href=t.value))}},d.addEventListener(\"message\",d.wp.receiveEmbedMessage,!1),l.addEventListener(\"DOMContentLoaded\",function(){for(var e,t,s=l.querySelectorAll(\"iframe.wp-embedded-content\"),r=0;r<s.length;r++)(t=(e=s[r]).getAttribute(\"data-secret\"))||(t=Math.random().toString(36).substring(2,12),e.src+=\"#?secret=\"+t,e.setAttribute(\"data-secret\",t)),e.contentWindow.postMessage({message:\"ready\",secret:t},\"*\")},!1)))}(window,document);\n\/* ]]> *\/\n<\/script>\n","thumbnail_url":"https:\/\/silayolusevenler.nl\/wp\/wp-content\/uploads\/2023\/01\/Almanyada-Cocuk-Parasi-Ve-Cocuk-Yardimlari-Artirilacak.jpg","thumbnail_width":2048,"thumbnail_height":1152,"description":"Almanya\u2019da \u00c7ocuk Paras\u0131 Ve \u00c7ocuk Yard\u0131mlar\u0131 Art\u0131r\u0131lacak Almanya\u2019da 2025 y\u0131l\u0131ndan itibaren \u00e7ocuk paras\u0131 ve di\u011fer \u00e7ocuk yard\u0131mlar\u0131 birle\u015ftirilerek art\u0131r\u0131lacak. \u00c7ocuklar, okul gezileri ve tatilleri i\u00e7in de destek alabilecek. Almanya Aile Bakanl\u0131\u011f\u0131, \u00e7ocuklar\u0131n temel ge\u00e7im ihtiya\u00e7lar\u0131n\u0131n garanti alt\u0131na al\u0131nmas\u0131 i\u00e7in yeni bir yasa tasar\u0131s\u0131 haz\u0131rl\u0131yor. Yasa tasar\u0131s\u0131 haz\u0131rl\u0131\u011f\u0131na g\u00f6re, \u00e7ocuklar\u0131n temel ge\u00e7imlerinin garantiye al\u0131nmas\u0131, okul gezileri [&hellip;]"}