{"version":"1.0","provider_name":"S\u0131la Yolu Sevenler","provider_url":"https:\/\/silayolusevenler.nl\/wp","author_name":"SYS Edit\u00f6r","author_url":"https:\/\/silayolusevenler.nl\/wp\/author\/admin\/","title":"Almanya\u2019da Emeklilik Ya\u015f\u0131n\u0131n 70\u2019e Y\u00fckseltilmesi Talep Edildi - S\u0131la Yolu Sevenler","type":"rich","width":600,"height":338,"html":"<blockquote class=\"wp-embedded-content\" data-secret=\"opuQrhInTi\"><a href=\"https:\/\/silayolusevenler.nl\/wp\/guncel\/almanyada-emeklilik-yasinin-70e-yukseltilmesi-talep-edildi\/\">Almanya\u2019da Emeklilik Ya\u015f\u0131n\u0131n 70\u2019e Y\u00fckseltilmesi Talep Edildi<\/a><\/blockquote><iframe sandbox=\"allow-scripts\" security=\"restricted\" src=\"https:\/\/silayolusevenler.nl\/wp\/guncel\/almanyada-emeklilik-yasinin-70e-yukseltilmesi-talep-edildi\/embed\/#?secret=opuQrhInTi\" width=\"600\" height=\"338\" title=\"&#8220;Almanya\u2019da Emeklilik Ya\u015f\u0131n\u0131n 70\u2019e Y\u00fckseltilmesi Talep Edildi&#8221; &#8212; S\u0131la Yolu Sevenler\" data-secret=\"opuQrhInTi\" frameborder=\"0\" marginwidth=\"0\" marginheight=\"0\" scrolling=\"no\" class=\"wp-embedded-content\"><\/iframe><script type=\"text\/javascript\">\n\/* <![CDATA[ *\/\n\/*! This file is auto-generated *\/\n!function(d,l){\"use strict\";l.querySelector&&d.addEventListener&&\"undefined\"!=typeof URL&&(d.wp=d.wp||{},d.wp.receiveEmbedMessage||(d.wp.receiveEmbedMessage=function(e){var t=e.data;if((t||t.secret||t.message||t.value)&&!\/[^a-zA-Z0-9]\/.test(t.secret)){for(var s,r,n,a=l.querySelectorAll('iframe[data-secret=\"'+t.secret+'\"]'),o=l.querySelectorAll('blockquote[data-secret=\"'+t.secret+'\"]'),c=new RegExp(\"^https?:$\",\"i\"),i=0;i<o.length;i++)o[i].style.display=\"none\";for(i=0;i<a.length;i++)s=a[i],e.source===s.contentWindow&&(s.removeAttribute(\"style\"),\"height\"===t.message?(1e3<(r=parseInt(t.value,10))?r=1e3:~~r<200&&(r=200),s.height=r):\"link\"===t.message&&(r=new URL(s.getAttribute(\"src\")),n=new URL(t.value),c.test(n.protocol))&&n.host===r.host&&l.activeElement===s&&(d.top.location.href=t.value))}},d.addEventListener(\"message\",d.wp.receiveEmbedMessage,!1),l.addEventListener(\"DOMContentLoaded\",function(){for(var e,t,s=l.querySelectorAll(\"iframe.wp-embedded-content\"),r=0;r<s.length;r++)(t=(e=s[r]).getAttribute(\"data-secret\"))||(t=Math.random().toString(36).substring(2,12),e.src+=\"#?secret=\"+t,e.setAttribute(\"data-secret\",t)),e.contentWindow.postMessage({message:\"ready\",secret:t},\"*\")},!1)))}(window,document);\n\/* ]]> *\/\n<\/script>\n","thumbnail_url":"https:\/\/silayolusevenler.nl\/wp\/wp-content\/uploads\/2022\/05\/Almanyada-Emeklilik-Yasinin-70e-Yukseltilmesi-Talep-Edildi-scaled.jpg","thumbnail_width":2560,"thumbnail_height":1440,"description":"Almanya\u2019da Emeklilik Ya\u015f\u0131n\u0131n 70\u2019e Y\u00fckseltilmesi Talep Edildi Almanya\u2019da uzmanlar emeklilik ya\u015f\u0131n\u0131n 70\u2019e \u00e7\u0131kar\u0131lmas\u0131 talebinde bulundu. Almanya\u2019da y\u00fcksek enflasyon, kalifiye eleman azl\u0131\u011f\u0131 ve y\u00fcksek bor\u00e7lar nedeniyle uzmanlar emeklilik ya\u015f\u0131n\u0131n 70\u2019e \u00e7\u0131kar\u0131lmas\u0131 talebinde bulundu. Konuyla ilgili a\u00e7\u0131klamalarda bulunan Kiel Enstit\u00fcs\u00fc Ba\u015fkan Yard\u0131mc\u0131s\u0131 Stefan Kooths, ya\u015flanan toplum ile b\u00fcy\u00fck bor\u00e7lanma nedeniyle gelecek y\u0131llarda fiyat istikrar\u0131n\u0131n riske girdi\u011fini belirtti. [&hellip;]"}