{"version":"1.0","provider_name":"S\u0131la Yolu Sevenler","provider_url":"https:\/\/silayolusevenler.nl\/wp","author_name":"SYS Edit\u00f6r","author_url":"https:\/\/silayolusevenler.nl\/wp\/author\/admin\/","title":"Almanya\u2019da Kamu \u00c7al\u0131\u015fanlar\u0131na 3.000 Euro \u00d6denecek - S\u0131la Yolu Sevenler","type":"rich","width":600,"height":338,"html":"<blockquote class=\"wp-embedded-content\" data-secret=\"tsWbhBJsSP\"><a href=\"https:\/\/silayolusevenler.nl\/wp\/guncel\/almanyada-kamu-calisanlarina-3-000-euro-odenecek\/\">Almanya\u2019da Kamu \u00c7al\u0131\u015fanlar\u0131na 3.000 Euro \u00d6denecek<\/a><\/blockquote><iframe sandbox=\"allow-scripts\" security=\"restricted\" src=\"https:\/\/silayolusevenler.nl\/wp\/guncel\/almanyada-kamu-calisanlarina-3-000-euro-odenecek\/embed\/#?secret=tsWbhBJsSP\" width=\"600\" height=\"338\" title=\"&#8220;Almanya\u2019da Kamu \u00c7al\u0131\u015fanlar\u0131na 3.000 Euro \u00d6denecek&#8221; &#8212; S\u0131la Yolu Sevenler\" data-secret=\"tsWbhBJsSP\" frameborder=\"0\" marginwidth=\"0\" marginheight=\"0\" scrolling=\"no\" class=\"wp-embedded-content\"><\/iframe><script type=\"text\/javascript\">\n\/* <![CDATA[ *\/\n\/*! This file is auto-generated *\/\n!function(d,l){\"use strict\";l.querySelector&&d.addEventListener&&\"undefined\"!=typeof URL&&(d.wp=d.wp||{},d.wp.receiveEmbedMessage||(d.wp.receiveEmbedMessage=function(e){var t=e.data;if((t||t.secret||t.message||t.value)&&!\/[^a-zA-Z0-9]\/.test(t.secret)){for(var s,r,n,a=l.querySelectorAll('iframe[data-secret=\"'+t.secret+'\"]'),o=l.querySelectorAll('blockquote[data-secret=\"'+t.secret+'\"]'),c=new RegExp(\"^https?:$\",\"i\"),i=0;i<o.length;i++)o[i].style.display=\"none\";for(i=0;i<a.length;i++)s=a[i],e.source===s.contentWindow&&(s.removeAttribute(\"style\"),\"height\"===t.message?(1e3<(r=parseInt(t.value,10))?r=1e3:~~r<200&&(r=200),s.height=r):\"link\"===t.message&&(r=new URL(s.getAttribute(\"src\")),n=new URL(t.value),c.test(n.protocol))&&n.host===r.host&&l.activeElement===s&&(d.top.location.href=t.value))}},d.addEventListener(\"message\",d.wp.receiveEmbedMessage,!1),l.addEventListener(\"DOMContentLoaded\",function(){for(var e,t,s=l.querySelectorAll(\"iframe.wp-embedded-content\"),r=0;r<s.length;r++)(t=(e=s[r]).getAttribute(\"data-secret\"))||(t=Math.random().toString(36).substring(2,12),e.src+=\"#?secret=\"+t,e.setAttribute(\"data-secret\",t)),e.contentWindow.postMessage({message:\"ready\",secret:t},\"*\")},!1)))}(window,document);\n\/* ]]> *\/\n<\/script>\n","thumbnail_url":"https:\/\/silayolusevenler.nl\/wp\/wp-content\/uploads\/2023\/04\/Almanyada-Kamu-Calisanlarina-3.000-Euro-Odenecek.jpg","thumbnail_width":2048,"thumbnail_height":1152,"description":"Almanya\u2019da Kamu \u00c7al\u0131\u015fanlar\u0131na 3.000 Euro \u00d6denecek Almanya&#8217;da kamu \u00e7al\u0131\u015fanlar\u0131n\u0131n maa\u015flar\u0131 konusunda sendikalarla anla\u015fmaya var\u0131ld\u0131. H\u00fck\u00fcmet kamu \u00e7al\u0131\u015fanlar\u0131na tek seferlik olmak \u00fczere 3.000 Euro \u00f6demeyi kabul etti. Almanya\u2019da kamu \u00e7al\u0131\u015fan\u0131 \u00fccret art\u0131\u015flar\u0131na ili\u015fkin, kitlesel uyar\u0131 grevlerinin e\u015flik etti\u011fi m\u00fczakerelerin d\u00f6rd\u00fcnc\u00fc turunda anla\u015fma sa\u011fland\u0131. Tek seferlik olmak \u00fczere kamu \u00e7al\u0131\u015fanlar\u0131na kademeli olarak 3.000 Euro \u00f6denmesi ve \u00fccretlerin [&hellip;]"}