{"version":"1.0","provider_name":"S\u0131la Yolu Sevenler","provider_url":"https:\/\/silayolusevenler.nl\/wp","author_name":"SYS Edit\u00f6r","author_url":"https:\/\/silayolusevenler.nl\/wp\/author\/admin\/","title":"Almanya\u2019da Korona Salg\u0131n\u0131nda Yeni Kurallar Getirilecek - S\u0131la Yolu Sevenler","type":"rich","width":600,"height":338,"html":"<blockquote class=\"wp-embedded-content\" data-secret=\"P6Y89rSA0t\"><a href=\"https:\/\/silayolusevenler.nl\/wp\/guncel\/almanyada-korona-salgininda-yeni-kurallar-getirilecek\/\">Almanya\u2019da Korona Salg\u0131n\u0131nda Yeni Kurallar Getirilecek<\/a><\/blockquote><iframe sandbox=\"allow-scripts\" security=\"restricted\" src=\"https:\/\/silayolusevenler.nl\/wp\/guncel\/almanyada-korona-salgininda-yeni-kurallar-getirilecek\/embed\/#?secret=P6Y89rSA0t\" width=\"600\" height=\"338\" title=\"&#8220;Almanya\u2019da Korona Salg\u0131n\u0131nda Yeni Kurallar Getirilecek&#8221; &#8212; S\u0131la Yolu Sevenler\" data-secret=\"P6Y89rSA0t\" frameborder=\"0\" marginwidth=\"0\" marginheight=\"0\" scrolling=\"no\" class=\"wp-embedded-content\"><\/iframe><script type=\"text\/javascript\">\n\/* <![CDATA[ *\/\n\/*! This file is auto-generated *\/\n!function(d,l){\"use strict\";l.querySelector&&d.addEventListener&&\"undefined\"!=typeof URL&&(d.wp=d.wp||{},d.wp.receiveEmbedMessage||(d.wp.receiveEmbedMessage=function(e){var t=e.data;if((t||t.secret||t.message||t.value)&&!\/[^a-zA-Z0-9]\/.test(t.secret)){for(var s,r,n,a=l.querySelectorAll('iframe[data-secret=\"'+t.secret+'\"]'),o=l.querySelectorAll('blockquote[data-secret=\"'+t.secret+'\"]'),c=new RegExp(\"^https?:$\",\"i\"),i=0;i<o.length;i++)o[i].style.display=\"none\";for(i=0;i<a.length;i++)s=a[i],e.source===s.contentWindow&&(s.removeAttribute(\"style\"),\"height\"===t.message?(1e3<(r=parseInt(t.value,10))?r=1e3:~~r<200&&(r=200),s.height=r):\"link\"===t.message&&(r=new URL(s.getAttribute(\"src\")),n=new URL(t.value),c.test(n.protocol))&&n.host===r.host&&l.activeElement===s&&(d.top.location.href=t.value))}},d.addEventListener(\"message\",d.wp.receiveEmbedMessage,!1),l.addEventListener(\"DOMContentLoaded\",function(){for(var e,t,s=l.querySelectorAll(\"iframe.wp-embedded-content\"),r=0;r<s.length;r++)(t=(e=s[r]).getAttribute(\"data-secret\"))||(t=Math.random().toString(36).substring(2,12),e.src+=\"#?secret=\"+t,e.setAttribute(\"data-secret\",t)),e.contentWindow.postMessage({message:\"ready\",secret:t},\"*\")},!1)))}(window,document);\n\/* ]]> *\/\n<\/script>\n","thumbnail_url":"https:\/\/silayolusevenler.nl\/wp\/wp-content\/uploads\/2022\/03\/Almanyada-Korona-Salgininda-Yeni-Kurallar-Getirilecek-scaled.jpg","thumbnail_width":2560,"thumbnail_height":1440,"description":"Almanya\u2019da Korona Salg\u0131n\u0131nda Yeni Kurallar Getirilecek Alman h\u00fck\u00fcmeti, Enfeksiyon Koruma Yasas\u0131\u2019nda de\u011fi\u015fikli\u011fe giderek, 23 Eyl\u00fcl&#8217;e kadar ge\u00e7erli olacak Kovid-19 salg\u0131n\u0131nda yeni kurallar getirecek. Almanya Sa\u011fl\u0131k Bakan\u0131 Karl Lauterbach, Berlin\u2019de yapt\u0131\u011f\u0131 a\u00e7\u0131klamada mevcut Enfeksiyon Koruma Yasas\u0131\u2019n\u0131n 19 Mart\u2019a kadar ge\u00e7erli oldu\u011funu an\u0131msatarak, bu konuda yeni d\u00fczenlemeye ihtiya\u00e7 duyuldu\u011fundan h\u00fck\u00fcmetin yasada de\u011fi\u015fiklik yapmak i\u00e7in yeni bir yasa [&hellip;]"}