{"version":"1.0","provider_name":"S\u0131la Yolu Sevenler","provider_url":"https:\/\/silayolusevenler.nl\/wp","author_name":"SYS Edit\u00f6r","author_url":"https:\/\/silayolusevenler.nl\/wp\/author\/admin\/","title":"Almanya\u2019n\u0131n Depremzedeler \u0130\u00e7in Vize \u015eartlar\u0131 A\u00e7\u0131kland\u0131 - S\u0131la Yolu Sevenler","type":"rich","width":600,"height":338,"html":"<blockquote class=\"wp-embedded-content\" data-secret=\"EGPBMQFudq\"><a href=\"https:\/\/silayolusevenler.nl\/wp\/guncel\/almanyanin-depremzedeler-icin-vize-sartlari-aciklandi\/\">Almanya\u2019n\u0131n Depremzedeler \u0130\u00e7in Vize \u015eartlar\u0131 A\u00e7\u0131kland\u0131<\/a><\/blockquote><iframe sandbox=\"allow-scripts\" security=\"restricted\" src=\"https:\/\/silayolusevenler.nl\/wp\/guncel\/almanyanin-depremzedeler-icin-vize-sartlari-aciklandi\/embed\/#?secret=EGPBMQFudq\" width=\"600\" height=\"338\" title=\"&#8220;Almanya\u2019n\u0131n Depremzedeler \u0130\u00e7in Vize \u015eartlar\u0131 A\u00e7\u0131kland\u0131&#8221; &#8212; S\u0131la Yolu Sevenler\" data-secret=\"EGPBMQFudq\" frameborder=\"0\" marginwidth=\"0\" marginheight=\"0\" scrolling=\"no\" class=\"wp-embedded-content\"><\/iframe><script type=\"text\/javascript\">\n\/* <![CDATA[ *\/\n\/*! This file is auto-generated *\/\n!function(d,l){\"use strict\";l.querySelector&&d.addEventListener&&\"undefined\"!=typeof URL&&(d.wp=d.wp||{},d.wp.receiveEmbedMessage||(d.wp.receiveEmbedMessage=function(e){var t=e.data;if((t||t.secret||t.message||t.value)&&!\/[^a-zA-Z0-9]\/.test(t.secret)){for(var s,r,n,a=l.querySelectorAll('iframe[data-secret=\"'+t.secret+'\"]'),o=l.querySelectorAll('blockquote[data-secret=\"'+t.secret+'\"]'),c=new RegExp(\"^https?:$\",\"i\"),i=0;i<o.length;i++)o[i].style.display=\"none\";for(i=0;i<a.length;i++)s=a[i],e.source===s.contentWindow&&(s.removeAttribute(\"style\"),\"height\"===t.message?(1e3<(r=parseInt(t.value,10))?r=1e3:~~r<200&&(r=200),s.height=r):\"link\"===t.message&&(r=new URL(s.getAttribute(\"src\")),n=new URL(t.value),c.test(n.protocol))&&n.host===r.host&&l.activeElement===s&&(d.top.location.href=t.value))}},d.addEventListener(\"message\",d.wp.receiveEmbedMessage,!1),l.addEventListener(\"DOMContentLoaded\",function(){for(var e,t,s=l.querySelectorAll(\"iframe.wp-embedded-content\"),r=0;r<s.length;r++)(t=(e=s[r]).getAttribute(\"data-secret\"))||(t=Math.random().toString(36).substring(2,12),e.src+=\"#?secret=\"+t,e.setAttribute(\"data-secret\",t)),e.contentWindow.postMessage({message:\"ready\",secret:t},\"*\")},!1)))}(window,document);\n\/* ]]> *\/\n<\/script>\n","thumbnail_url":"https:\/\/silayolusevenler.nl\/wp\/wp-content\/uploads\/2023\/02\/Almanyanin-Depremzedeler-Icin-Vize-Sartlari-Aciklandi.jpg","thumbnail_width":2048,"thumbnail_height":1152,"description":"Almanya\u2019n\u0131n Depremzedeler \u0130\u00e7in Vize \u015eartlar\u0131 A\u00e7\u0131kland\u0131 Almanya\u2019n\u0131n T\u00fcrkiye ve Suriye\u2019deki etkilenen T\u00fcrk ve Suriye vatanda\u015flar\u0131 i\u00e7in uygulayaca\u011f\u0131 vizenin nas\u0131l al\u0131naca\u011f\u0131n\u0131 Avukat Muhammet I\u015f\u0131k a\u00e7\u0131klad\u0131. Almanya\u2019n\u0131n T\u00fcrkiye ve Suriye\u2019deki depremzedelerin Almanya\u2019daki akrabalar\u0131n\u0131n yan\u0131na gelebilmeleri i\u00e7in nas\u0131l vize alacaklar\u0131n\u0131 Avukat Muhammet I\u015f\u0131k Camia Haber\u2019e a\u00e7\u0131klad\u0131. Avukat Muhammet I\u015f\u0131t bu konuda en \u00e7ok sorulan sorular\u0131 \u015fu \u015fekilde cevapland\u0131rd\u0131: [&hellip;]"}