{"version":"1.0","provider_name":"S\u0131la Yolu Sevenler","provider_url":"https:\/\/silayolusevenler.nl\/wp","author_name":"SYS Edit\u00f6r","author_url":"https:\/\/silayolusevenler.nl\/wp\/author\/admin\/","title":"Avrupa\u2019da Dizel ve Benzinli Ara\u00e7 Sat\u0131\u015f\u0131 Yasaklan\u0131yor - S\u0131la Yolu Sevenler","type":"rich","width":600,"height":338,"html":"<blockquote class=\"wp-embedded-content\" data-secret=\"nrfli0oC9u\"><a href=\"https:\/\/silayolusevenler.nl\/wp\/guncel\/avrupada-dizel-ve-benzinli-arac-satisi-yasaklaniyor\/\">Avrupa\u2019da Dizel ve Benzinli Ara\u00e7 Sat\u0131\u015f\u0131 Yasaklan\u0131yor<\/a><\/blockquote><iframe sandbox=\"allow-scripts\" security=\"restricted\" src=\"https:\/\/silayolusevenler.nl\/wp\/guncel\/avrupada-dizel-ve-benzinli-arac-satisi-yasaklaniyor\/embed\/#?secret=nrfli0oC9u\" width=\"600\" height=\"338\" title=\"&#8220;Avrupa\u2019da Dizel ve Benzinli Ara\u00e7 Sat\u0131\u015f\u0131 Yasaklan\u0131yor&#8221; &#8212; S\u0131la Yolu Sevenler\" data-secret=\"nrfli0oC9u\" frameborder=\"0\" marginwidth=\"0\" marginheight=\"0\" scrolling=\"no\" class=\"wp-embedded-content\"><\/iframe><script type=\"text\/javascript\">\n\/* <![CDATA[ *\/\n\/*! This file is auto-generated *\/\n!function(d,l){\"use strict\";l.querySelector&&d.addEventListener&&\"undefined\"!=typeof URL&&(d.wp=d.wp||{},d.wp.receiveEmbedMessage||(d.wp.receiveEmbedMessage=function(e){var t=e.data;if((t||t.secret||t.message||t.value)&&!\/[^a-zA-Z0-9]\/.test(t.secret)){for(var s,r,n,a=l.querySelectorAll('iframe[data-secret=\"'+t.secret+'\"]'),o=l.querySelectorAll('blockquote[data-secret=\"'+t.secret+'\"]'),c=new RegExp(\"^https?:$\",\"i\"),i=0;i<o.length;i++)o[i].style.display=\"none\";for(i=0;i<a.length;i++)s=a[i],e.source===s.contentWindow&&(s.removeAttribute(\"style\"),\"height\"===t.message?(1e3<(r=parseInt(t.value,10))?r=1e3:~~r<200&&(r=200),s.height=r):\"link\"===t.message&&(r=new URL(s.getAttribute(\"src\")),n=new URL(t.value),c.test(n.protocol))&&n.host===r.host&&l.activeElement===s&&(d.top.location.href=t.value))}},d.addEventListener(\"message\",d.wp.receiveEmbedMessage,!1),l.addEventListener(\"DOMContentLoaded\",function(){for(var e,t,s=l.querySelectorAll(\"iframe.wp-embedded-content\"),r=0;r<s.length;r++)(t=(e=s[r]).getAttribute(\"data-secret\"))||(t=Math.random().toString(36).substring(2,12),e.src+=\"#?secret=\"+t,e.setAttribute(\"data-secret\",t)),e.contentWindow.postMessage({message:\"ready\",secret:t},\"*\")},!1)))}(window,document);\n\/* ]]> *\/\n<\/script>\n","thumbnail_url":"https:\/\/silayolusevenler.nl\/wp\/wp-content\/uploads\/2022\/06\/Avrupada-Dizel-ve-Benzinli-Arac-Satisi-Yasaklaniyor-scaled.jpg","thumbnail_width":2560,"thumbnail_height":1440,"description":"Avrupa\u2019da Dizel ve Benzinli Ara\u00e7 Sat\u0131\u015f\u0131 Yasaklan\u0131yor Avrupa Birli\u011fi Parlamentosu, 2035 y\u0131l\u0131ndan itibaren yeni dizel ve benzinli otomobillerle hafif ticari ara\u00e7 sat\u0131\u015f\u0131n\u0131n yasaklanmas\u0131na karar verdi. Avrupa Birli\u011fi Parlamentosu, 2035 y\u0131l\u0131ndan itibaren yeni dizel ve benzinli ara\u00e7lar\u0131n sat\u0131\u015f\u0131n\u0131 yasaklad\u0131. Yasaklar binek ve hafif ticari ara\u00e7lar i\u00e7in ge\u00e7erli olacak. Avrupa Birli\u011fi Komisyonu\u2019nun, parlamentonun karar\u0131n\u0131 g\u00f6r\u00fc\u015ferek onaylamas\u0131 sonras\u0131nda [&hellip;]"}