{"version":"1.0","provider_name":"S\u0131la Yolu Sevenler","provider_url":"https:\/\/silayolusevenler.nl\/wp","author_name":"SYS Edit\u00f6r","author_url":"https:\/\/silayolusevenler.nl\/wp\/author\/admin\/","title":"Hartz IV \u00d6demelerine Zam M\u00fcjdesi - S\u0131la Yolu Sevenler","type":"rich","width":600,"height":338,"html":"<blockquote class=\"wp-embedded-content\" data-secret=\"RyOyc7DK1d\"><a href=\"https:\/\/silayolusevenler.nl\/wp\/guncel\/hartz-iv-odemelerine-zam-mujdesi\/\">Hartz IV \u00d6demelerine Zam M\u00fcjdesi<\/a><\/blockquote><iframe sandbox=\"allow-scripts\" security=\"restricted\" src=\"https:\/\/silayolusevenler.nl\/wp\/guncel\/hartz-iv-odemelerine-zam-mujdesi\/embed\/#?secret=RyOyc7DK1d\" width=\"600\" height=\"338\" title=\"&#8220;Hartz IV \u00d6demelerine Zam M\u00fcjdesi&#8221; &#8212; S\u0131la Yolu Sevenler\" data-secret=\"RyOyc7DK1d\" frameborder=\"0\" marginwidth=\"0\" marginheight=\"0\" scrolling=\"no\" class=\"wp-embedded-content\"><\/iframe><script type=\"text\/javascript\">\n\/* <![CDATA[ *\/\n\/*! This file is auto-generated *\/\n!function(d,l){\"use strict\";l.querySelector&&d.addEventListener&&\"undefined\"!=typeof URL&&(d.wp=d.wp||{},d.wp.receiveEmbedMessage||(d.wp.receiveEmbedMessage=function(e){var t=e.data;if((t||t.secret||t.message||t.value)&&!\/[^a-zA-Z0-9]\/.test(t.secret)){for(var s,r,n,a=l.querySelectorAll('iframe[data-secret=\"'+t.secret+'\"]'),o=l.querySelectorAll('blockquote[data-secret=\"'+t.secret+'\"]'),c=new RegExp(\"^https?:$\",\"i\"),i=0;i<o.length;i++)o[i].style.display=\"none\";for(i=0;i<a.length;i++)s=a[i],e.source===s.contentWindow&&(s.removeAttribute(\"style\"),\"height\"===t.message?(1e3<(r=parseInt(t.value,10))?r=1e3:~~r<200&&(r=200),s.height=r):\"link\"===t.message&&(r=new URL(s.getAttribute(\"src\")),n=new URL(t.value),c.test(n.protocol))&&n.host===r.host&&l.activeElement===s&&(d.top.location.href=t.value))}},d.addEventListener(\"message\",d.wp.receiveEmbedMessage,!1),l.addEventListener(\"DOMContentLoaded\",function(){for(var e,t,s=l.querySelectorAll(\"iframe.wp-embedded-content\"),r=0;r<s.length;r++)(t=(e=s[r]).getAttribute(\"data-secret\"))||(t=Math.random().toString(36).substring(2,12),e.src+=\"#?secret=\"+t,e.setAttribute(\"data-secret\",t)),e.contentWindow.postMessage({message:\"ready\",secret:t},\"*\")},!1)))}(window,document);\n\/* ]]> *\/\n<\/script>\n","thumbnail_url":"https:\/\/silayolusevenler.nl\/wp\/wp-content\/uploads\/2022\/07\/Hartz-IV-Odemelerine-Zam-Mujdesi.jpg","thumbnail_width":2048,"thumbnail_height":1152,"description":"Hartz IV \u00d6demelerine Zam M\u00fcjdesi Almanya Federal \u00c7al\u0131\u015fma Bakan\u0131 Hubertus Heil, uzun s\u00fcreli i\u015fsizlere ve geliri olmayanlara yap\u0131lan Hartz IV \u00f6demelerinin yeni y\u0131l itibariyle \u00f6nemli \u00f6l\u00e7\u00fcde art\u0131r\u0131laca\u011f\u0131 m\u00fcjdesi verdi. BAKAN Heil, art\u0131k Hartz IV olarak de\u011fil, \u2018Yurtta\u015f Paras\u0131\u2019 (B\u00fcrgergeld) ad\u0131 alt\u0131nda yap\u0131lacak \u00f6demelerin \u00f6zellikle dar gelirli insanlar\u0131 rahatlataca\u011f\u0131n\u0131 s\u00f6yledi. Sosyal devletin g\u00f6revleri aras\u0131nda vatanda\u015flar\u0131n\u0131n g\u00fcvenli [&hellip;]"}