{"version":"1.0","provider_name":"S\u0131la Yolu Sevenler","provider_url":"https:\/\/silayolusevenler.nl\/wp","author_name":"SYS Edit\u00f6r","author_url":"https:\/\/silayolusevenler.nl\/wp\/author\/admin\/","title":"Hollanda'da Korona Protestosu Ya\u011fma Eylemlerine D\u00f6n\u00fc\u015ft\u00fc - S\u0131la Yolu Sevenler","type":"rich","width":600,"height":338,"html":"<blockquote class=\"wp-embedded-content\" data-secret=\"xUG8M6HnC4\"><a href=\"https:\/\/silayolusevenler.nl\/wp\/guncel\/hollandada-korona-protestosu-yagma-eylemlerine-donustu\/\">Hollanda&#8217;da Korona Protestosu Ya\u011fma Eylemlerine D\u00f6n\u00fc\u015ft\u00fc<\/a><\/blockquote><iframe sandbox=\"allow-scripts\" security=\"restricted\" src=\"https:\/\/silayolusevenler.nl\/wp\/guncel\/hollandada-korona-protestosu-yagma-eylemlerine-donustu\/embed\/#?secret=xUG8M6HnC4\" width=\"600\" height=\"338\" title=\"&#8220;Hollanda&#8217;da Korona Protestosu Ya\u011fma Eylemlerine D\u00f6n\u00fc\u015ft\u00fc&#8221; &#8212; S\u0131la Yolu Sevenler\" data-secret=\"xUG8M6HnC4\" frameborder=\"0\" marginwidth=\"0\" marginheight=\"0\" scrolling=\"no\" class=\"wp-embedded-content\"><\/iframe><script type=\"text\/javascript\">\n\/* <![CDATA[ *\/\n\/*! This file is auto-generated *\/\n!function(d,l){\"use strict\";l.querySelector&&d.addEventListener&&\"undefined\"!=typeof URL&&(d.wp=d.wp||{},d.wp.receiveEmbedMessage||(d.wp.receiveEmbedMessage=function(e){var t=e.data;if((t||t.secret||t.message||t.value)&&!\/[^a-zA-Z0-9]\/.test(t.secret)){for(var s,r,n,a=l.querySelectorAll('iframe[data-secret=\"'+t.secret+'\"]'),o=l.querySelectorAll('blockquote[data-secret=\"'+t.secret+'\"]'),c=new RegExp(\"^https?:$\",\"i\"),i=0;i<o.length;i++)o[i].style.display=\"none\";for(i=0;i<a.length;i++)s=a[i],e.source===s.contentWindow&&(s.removeAttribute(\"style\"),\"height\"===t.message?(1e3<(r=parseInt(t.value,10))?r=1e3:~~r<200&&(r=200),s.height=r):\"link\"===t.message&&(r=new URL(s.getAttribute(\"src\")),n=new URL(t.value),c.test(n.protocol))&&n.host===r.host&&l.activeElement===s&&(d.top.location.href=t.value))}},d.addEventListener(\"message\",d.wp.receiveEmbedMessage,!1),l.addEventListener(\"DOMContentLoaded\",function(){for(var e,t,s=l.querySelectorAll(\"iframe.wp-embedded-content\"),r=0;r<s.length;r++)(t=(e=s[r]).getAttribute(\"data-secret\"))||(t=Math.random().toString(36).substring(2,12),e.src+=\"#?secret=\"+t,e.setAttribute(\"data-secret\",t)),e.contentWindow.postMessage({message:\"ready\",secret:t},\"*\")},!1)))}(window,document);\n\/* ]]> *\/\n<\/script>\n","thumbnail_url":"https:\/\/silayolusevenler.nl\/wp\/wp-content\/uploads\/2021\/01\/protest-holland.jpg","thumbnail_width":2048,"thumbnail_height":1152,"description":"Hollanda&#8217;da Korona Protestosu Ya\u011fma Eylemlerine D\u00f6n\u00fc\u015ft\u00fc Hollanda\u2019da pandemi nedeniyle konulan soka\u011fa \u00e7\u0131kma yasa\u011f\u0131na kar\u015f\u0131 ba\u015flayan protestolar pazartesi gecesi de devam etti. Bir\u00e7ok kentte g\u00f6stericiler d\u00fckkanlar\u0131 ya\u011fmalad\u0131 ve polisle \u00e7at\u0131\u015ft\u0131. Hollanda\u2019da pandemi tedbirlerine kar\u015f\u0131 pazar gecesi 10 kente yay\u0131lan g\u00f6steriler d\u00fcn gece de devam etti. Polisin verdi\u011fi bilgilere g\u00f6re Amsterdam&#8217;\u0131n yan\u0131 s\u0131ra Lahey ve Rotterdam gibi [&hellip;]"}