{"version":"1.0","provider_name":"S\u0131la Yolu Sevenler","provider_url":"https:\/\/silayolusevenler.nl\/wp","author_name":"SYS Edit\u00f6r","author_url":"https:\/\/silayolusevenler.nl\/wp\/author\/admin\/","title":"Kar Y\u00fcz\u00fcnden \u0130ptal Edilen U\u00e7ak Bilet \u0130adesi? - S\u0131la Yolu Sevenler","type":"rich","width":600,"height":338,"html":"<blockquote class=\"wp-embedded-content\" data-secret=\"RYmyfsYrSz\"><a href=\"https:\/\/silayolusevenler.nl\/wp\/guncel\/kar-yuzunden-iptal-edilen-ucak-bilet-iadesi\/\">Kar Y\u00fcz\u00fcnden \u0130ptal Edilen U\u00e7ak Bilet \u0130adesi?<\/a><\/blockquote><iframe sandbox=\"allow-scripts\" security=\"restricted\" src=\"https:\/\/silayolusevenler.nl\/wp\/guncel\/kar-yuzunden-iptal-edilen-ucak-bilet-iadesi\/embed\/#?secret=RYmyfsYrSz\" width=\"600\" height=\"338\" title=\"&#8220;Kar Y\u00fcz\u00fcnden \u0130ptal Edilen U\u00e7ak Bilet \u0130adesi?&#8221; &#8212; S\u0131la Yolu Sevenler\" data-secret=\"RYmyfsYrSz\" frameborder=\"0\" marginwidth=\"0\" marginheight=\"0\" scrolling=\"no\" class=\"wp-embedded-content\"><\/iframe><script type=\"text\/javascript\">\n\/* <![CDATA[ *\/\n\/*! This file is auto-generated *\/\n!function(d,l){\"use strict\";l.querySelector&&d.addEventListener&&\"undefined\"!=typeof URL&&(d.wp=d.wp||{},d.wp.receiveEmbedMessage||(d.wp.receiveEmbedMessage=function(e){var t=e.data;if((t||t.secret||t.message||t.value)&&!\/[^a-zA-Z0-9]\/.test(t.secret)){for(var s,r,n,a=l.querySelectorAll('iframe[data-secret=\"'+t.secret+'\"]'),o=l.querySelectorAll('blockquote[data-secret=\"'+t.secret+'\"]'),c=new RegExp(\"^https?:$\",\"i\"),i=0;i<o.length;i++)o[i].style.display=\"none\";for(i=0;i<a.length;i++)s=a[i],e.source===s.contentWindow&&(s.removeAttribute(\"style\"),\"height\"===t.message?(1e3<(r=parseInt(t.value,10))?r=1e3:~~r<200&&(r=200),s.height=r):\"link\"===t.message&&(r=new URL(s.getAttribute(\"src\")),n=new URL(t.value),c.test(n.protocol))&&n.host===r.host&&l.activeElement===s&&(d.top.location.href=t.value))}},d.addEventListener(\"message\",d.wp.receiveEmbedMessage,!1),l.addEventListener(\"DOMContentLoaded\",function(){for(var e,t,s=l.querySelectorAll(\"iframe.wp-embedded-content\"),r=0;r<s.length;r++)(t=(e=s[r]).getAttribute(\"data-secret\"))||(t=Math.random().toString(36).substring(2,12),e.src+=\"#?secret=\"+t,e.setAttribute(\"data-secret\",t)),e.contentWindow.postMessage({message:\"ready\",secret:t},\"*\")},!1)))}(window,document);\n\/* ]]> *\/\n<\/script>\n","thumbnail_url":"https:\/\/silayolusevenler.nl\/wp\/wp-content\/uploads\/2022\/01\/Kar-Yuzunden-Iptal-Edilen-Ucak-Bilet-Iadesi-scaled.jpg","thumbnail_width":2560,"thumbnail_height":1440,"description":"Kar Y\u00fcz\u00fcnden \u0130ptal Edilen U\u00e7ak Bilet \u0130adesi? Pek \u00e7ok ki\u015finin merak etti\u011fi bir soru. Kar nedeniyle iptal edilen u\u00e7ak ve otel \u00f6demeleri geri al\u0131nabilir mi? Olumsuz hava ko\u015fullar\u0131 nedeniyle, \u0130stanbul ba\u015fta olmak \u00fczere bir\u00e7ok \u015fehirde hava, deniz ve kara ula\u015f\u0131m\u0131 aksad\u0131. Vatanda\u015flar otel ve tatil rezervasyonunu iptal etti. Peki u\u00e7ak ve otel \u00f6demeleri geri al\u0131nabilir [&hellip;]"}