{"version":"1.0","provider_name":"S\u0131la Yolu Sevenler","provider_url":"https:\/\/silayolusevenler.nl\/wp","author_name":"SYS Edit\u00f6r","author_url":"https:\/\/silayolusevenler.nl\/wp\/author\/admin\/","title":"Koronavir\u00fcs Almanya\u2019da Tekrar Y\u00fckseliyor - S\u0131la Yolu Sevenler","type":"rich","width":600,"height":338,"html":"<blockquote class=\"wp-embedded-content\" data-secret=\"VKwgcNlmuC\"><a href=\"https:\/\/silayolusevenler.nl\/wp\/guncel\/koronavirus-almanyada-tekrar-yukseliyor\/\">Koronavir\u00fcs Almanya\u2019da Tekrar Y\u00fckseliyor<\/a><\/blockquote><iframe sandbox=\"allow-scripts\" security=\"restricted\" src=\"https:\/\/silayolusevenler.nl\/wp\/guncel\/koronavirus-almanyada-tekrar-yukseliyor\/embed\/#?secret=VKwgcNlmuC\" width=\"600\" height=\"338\" title=\"&#8220;Koronavir\u00fcs Almanya\u2019da Tekrar Y\u00fckseliyor&#8221; &#8212; S\u0131la Yolu Sevenler\" data-secret=\"VKwgcNlmuC\" frameborder=\"0\" marginwidth=\"0\" marginheight=\"0\" scrolling=\"no\" class=\"wp-embedded-content\"><\/iframe><script type=\"text\/javascript\">\n\/* <![CDATA[ *\/\n\/*! This file is auto-generated *\/\n!function(d,l){\"use strict\";l.querySelector&&d.addEventListener&&\"undefined\"!=typeof URL&&(d.wp=d.wp||{},d.wp.receiveEmbedMessage||(d.wp.receiveEmbedMessage=function(e){var t=e.data;if((t||t.secret||t.message||t.value)&&!\/[^a-zA-Z0-9]\/.test(t.secret)){for(var s,r,n,a=l.querySelectorAll('iframe[data-secret=\"'+t.secret+'\"]'),o=l.querySelectorAll('blockquote[data-secret=\"'+t.secret+'\"]'),c=new RegExp(\"^https?:$\",\"i\"),i=0;i<o.length;i++)o[i].style.display=\"none\";for(i=0;i<a.length;i++)s=a[i],e.source===s.contentWindow&&(s.removeAttribute(\"style\"),\"height\"===t.message?(1e3<(r=parseInt(t.value,10))?r=1e3:~~r<200&&(r=200),s.height=r):\"link\"===t.message&&(r=new URL(s.getAttribute(\"src\")),n=new URL(t.value),c.test(n.protocol))&&n.host===r.host&&l.activeElement===s&&(d.top.location.href=t.value))}},d.addEventListener(\"message\",d.wp.receiveEmbedMessage,!1),l.addEventListener(\"DOMContentLoaded\",function(){for(var e,t,s=l.querySelectorAll(\"iframe.wp-embedded-content\"),r=0;r<s.length;r++)(t=(e=s[r]).getAttribute(\"data-secret\"))||(t=Math.random().toString(36).substring(2,12),e.src+=\"#?secret=\"+t,e.setAttribute(\"data-secret\",t)),e.contentWindow.postMessage({message:\"ready\",secret:t},\"*\")},!1)))}(window,document);\n\/* ]]> *\/\n<\/script>\n","thumbnail_url":"https:\/\/silayolusevenler.nl\/wp\/wp-content\/uploads\/2022\/03\/Koronavirus-Almanyada-Tekrar-Yukseliyor-scaled.jpg","thumbnail_width":2560,"thumbnail_height":1440,"description":"Koronavir\u00fcs Almanya\u2019da Tekrar Y\u00fckseliyor Almanya Federal Sa\u011fl\u0131k Bakan\u0131 Karl Lauterbach, Almanya&#8217;da koronavir\u00fcs vaka ve \u00f6l\u00fcm say\u0131lar\u0131n\u0131n artmas\u0131yla kritik asamaya geldi\u011fini s\u00f6yledi. Almanya\u2019 koronavir\u00fcs salg\u0131n\u0131 tedbirlerini gev\u015fetmeye haz\u0131rlan\u0131rken son bir haftadan beri vaka say\u0131lar\u0131ndaki art\u0131\u015f s\u00fcr\u00fcyor. Federal Sa\u011fl\u0131k Bakan\u0131 Karl Lauterbach, Robert Koch Enstit\u00fcs\u00fc Ba\u015fkan\u0131 Lothar Wieler ile birlikte yapt\u0131\u011f\u0131 bas\u0131n toplant\u0131s\u0131nda \u201cKritik diye tan\u0131mlayabilece\u011fimiz bir [&hellip;]"}