{"version":"1.0","provider_name":"S\u0131la Yolu Sevenler","provider_url":"https:\/\/silayolusevenler.nl\/wp","author_name":"SYS Edit\u00f6r","author_url":"https:\/\/silayolusevenler.nl\/wp\/author\/admin\/","title":"Macaristan\u2019a Giri\u015fle \u0130lgili G\u00fcncel D\u00fczenlemeler - S\u0131la Yolu Sevenler","type":"rich","width":600,"height":338,"html":"<blockquote class=\"wp-embedded-content\" data-secret=\"NoSC4sSqlT\"><a href=\"https:\/\/silayolusevenler.nl\/wp\/guncel\/macaristana-girisle-ilgili-guncel-duzenlemeler\/\">Macaristan\u2019a Giri\u015fle \u0130lgili G\u00fcncel D\u00fczenlemeler<\/a><\/blockquote><iframe sandbox=\"allow-scripts\" security=\"restricted\" src=\"https:\/\/silayolusevenler.nl\/wp\/guncel\/macaristana-girisle-ilgili-guncel-duzenlemeler\/embed\/#?secret=NoSC4sSqlT\" width=\"600\" height=\"338\" title=\"&#8220;Macaristan\u2019a Giri\u015fle \u0130lgili G\u00fcncel D\u00fczenlemeler&#8221; &#8212; S\u0131la Yolu Sevenler\" data-secret=\"NoSC4sSqlT\" frameborder=\"0\" marginwidth=\"0\" marginheight=\"0\" scrolling=\"no\" class=\"wp-embedded-content\"><\/iframe><script type=\"text\/javascript\">\n\/* <![CDATA[ *\/\n\/*! This file is auto-generated *\/\n!function(d,l){\"use strict\";l.querySelector&&d.addEventListener&&\"undefined\"!=typeof URL&&(d.wp=d.wp||{},d.wp.receiveEmbedMessage||(d.wp.receiveEmbedMessage=function(e){var t=e.data;if((t||t.secret||t.message||t.value)&&!\/[^a-zA-Z0-9]\/.test(t.secret)){for(var s,r,n,a=l.querySelectorAll('iframe[data-secret=\"'+t.secret+'\"]'),o=l.querySelectorAll('blockquote[data-secret=\"'+t.secret+'\"]'),c=new RegExp(\"^https?:$\",\"i\"),i=0;i<o.length;i++)o[i].style.display=\"none\";for(i=0;i<a.length;i++)s=a[i],e.source===s.contentWindow&&(s.removeAttribute(\"style\"),\"height\"===t.message?(1e3<(r=parseInt(t.value,10))?r=1e3:~~r<200&&(r=200),s.height=r):\"link\"===t.message&&(r=new URL(s.getAttribute(\"src\")),n=new URL(t.value),c.test(n.protocol))&&n.host===r.host&&l.activeElement===s&&(d.top.location.href=t.value))}},d.addEventListener(\"message\",d.wp.receiveEmbedMessage,!1),l.addEventListener(\"DOMContentLoaded\",function(){for(var e,t,s=l.querySelectorAll(\"iframe.wp-embedded-content\"),r=0;r<s.length;r++)(t=(e=s[r]).getAttribute(\"data-secret\"))||(t=Math.random().toString(36).substring(2,12),e.src+=\"#?secret=\"+t,e.setAttribute(\"data-secret\",t)),e.contentWindow.postMessage({message:\"ready\",secret:t},\"*\")},!1)))}(window,document);\n\/* ]]> *\/\n<\/script>\n","thumbnail_url":"https:\/\/silayolusevenler.nl\/wp\/wp-content\/uploads\/2020\/09\/transt-macar.jpg","thumbnail_width":1024,"thumbnail_height":576,"description":"Macaristan\u2019a Giri\u015fle \u0130lgili G\u00fcncel D\u00fczenlemeler Budape\u015fte B\u00fcy\u00fckel\u00e7ili\u011fi 01.09.2020 Macaristan\u2019a giri\u015fler konusunda, Macaristan H\u00fck\u00fcmeti taraf\u0131ndan 30 A\u011fustos 2020 tarihinde yay\u0131mlanan 408\/2020 say\u0131l\u0131 kararname \u00e7er\u00e7evesinde, 1 Eyl\u00fcl 2020 tarihi itibariyle y\u00fcr\u00fcrl\u00fc\u011fe giren yeni d\u00fczenlemeler a\u015fa\u011f\u0131da sunulmaktad\u0131r. Yeni kararnameyle, \u00fclkelerin ye\u015fil, sar\u0131 ve k\u0131rm\u0131z\u0131 renk kodlar\u0131na g\u00f6re ayr\u0131lmas\u0131 uygulamas\u0131na son verilmi\u015f ve yurtd\u0131\u015f\u0131ndan hangi \u00fclkeden geldiklerine bak\u0131lmaks\u0131z\u0131n, Macar [&hellip;]"}