{"version":"1.0","provider_name":"S\u0131la Yolu Sevenler","provider_url":"https:\/\/silayolusevenler.nl\/wp","author_name":"SYS Edit\u00f6r","author_url":"https:\/\/silayolusevenler.nl\/wp\/author\/admin\/","title":"T\u00fcrkiye\u2019de Gurbet\u00e7i D\u00fc\u015fmanl\u0131\u011f\u0131 Var M\u0131? - S\u0131la Yolu Sevenler","type":"rich","width":600,"height":338,"html":"<blockquote class=\"wp-embedded-content\" data-secret=\"K9hEi0Fe7P\"><a href=\"https:\/\/silayolusevenler.nl\/wp\/guncel\/turkiyede-gurbetci-dusmanligi-var-mi\/\">T\u00fcrkiye\u2019de Gurbet\u00e7i D\u00fc\u015fmanl\u0131\u011f\u0131 Var M\u0131?<\/a><\/blockquote><iframe sandbox=\"allow-scripts\" security=\"restricted\" src=\"https:\/\/silayolusevenler.nl\/wp\/guncel\/turkiyede-gurbetci-dusmanligi-var-mi\/embed\/#?secret=K9hEi0Fe7P\" width=\"600\" height=\"338\" title=\"&#8220;T\u00fcrkiye\u2019de Gurbet\u00e7i D\u00fc\u015fmanl\u0131\u011f\u0131 Var M\u0131?&#8221; &#8212; S\u0131la Yolu Sevenler\" data-secret=\"K9hEi0Fe7P\" frameborder=\"0\" marginwidth=\"0\" marginheight=\"0\" scrolling=\"no\" class=\"wp-embedded-content\"><\/iframe><script type=\"text\/javascript\">\n\/* <![CDATA[ *\/\n\/*! This file is auto-generated *\/\n!function(d,l){\"use strict\";l.querySelector&&d.addEventListener&&\"undefined\"!=typeof URL&&(d.wp=d.wp||{},d.wp.receiveEmbedMessage||(d.wp.receiveEmbedMessage=function(e){var t=e.data;if((t||t.secret||t.message||t.value)&&!\/[^a-zA-Z0-9]\/.test(t.secret)){for(var s,r,n,a=l.querySelectorAll('iframe[data-secret=\"'+t.secret+'\"]'),o=l.querySelectorAll('blockquote[data-secret=\"'+t.secret+'\"]'),c=new RegExp(\"^https?:$\",\"i\"),i=0;i<o.length;i++)o[i].style.display=\"none\";for(i=0;i<a.length;i++)s=a[i],e.source===s.contentWindow&&(s.removeAttribute(\"style\"),\"height\"===t.message?(1e3<(r=parseInt(t.value,10))?r=1e3:~~r<200&&(r=200),s.height=r):\"link\"===t.message&&(r=new URL(s.getAttribute(\"src\")),n=new URL(t.value),c.test(n.protocol))&&n.host===r.host&&l.activeElement===s&&(d.top.location.href=t.value))}},d.addEventListener(\"message\",d.wp.receiveEmbedMessage,!1),l.addEventListener(\"DOMContentLoaded\",function(){for(var e,t,s=l.querySelectorAll(\"iframe.wp-embedded-content\"),r=0;r<s.length;r++)(t=(e=s[r]).getAttribute(\"data-secret\"))||(t=Math.random().toString(36).substring(2,12),e.src+=\"#?secret=\"+t,e.setAttribute(\"data-secret\",t)),e.contentWindow.postMessage({message:\"ready\",secret:t},\"*\")},!1)))}(window,document);\n\/* ]]> *\/\n<\/script>\n","thumbnail_url":"https:\/\/silayolusevenler.nl\/wp\/wp-content\/uploads\/2022\/07\/Turkiyede-Gurbetci-Dusmanligi-Var-Mi.jpg","thumbnail_width":2048,"thumbnail_height":1152,"description":"T\u00fcrkiye\u2019de Gurbet\u00e7i D\u00fc\u015fmanl\u0131\u011f\u0131 Var M\u0131? Son d\u00f6nemde gurbet\u00e7ilerin T\u00fcrkiye tatilini ele\u015ftiren baz\u0131 kesimlere cevap veren Gazeteci Oktan Erdikmen\u2019in videosu g\u00fcndem oldu. Yine baz\u0131 gurbet\u00e7ilerin T\u00fcrkiye ekonomisi hakk\u0131nda, halk\u0131 k\u0131zd\u0131ran s\u00f6ylemlerde bulunmas\u0131, gurbet\u00e7ilerin a\u011f\u0131r ele\u015ftirilere maruz kalmas\u0131na neden oluyor. Gazeteci Erdikmen, yap\u0131lan ele\u015ftirilerin haks\u0131z oldu\u011funa ve di\u011fer turistlerden bir farkl\u0131l\u0131\u011f\u0131n bulunmad\u0131\u011f\u0131na dikkat \u00e7ekti. \u0130kamet etti\u011fi \u00fclkede [&hellip;]"}