{"version":"1.0","provider_name":"S\u0131la Yolu Sevenler","provider_url":"https:\/\/silayolusevenler.nl\/wp","author_name":"SYS Edit\u00f6r","author_url":"https:\/\/silayolusevenler.nl\/wp\/author\/admin\/","title":"2021\u2019de Telefon Kay\u0131t \u00dccretine Zam - S\u0131la Yolu Sevenler","type":"rich","width":600,"height":338,"html":"<blockquote class=\"wp-embedded-content\" data-secret=\"QA5YqZgOXj\"><a href=\"https:\/\/silayolusevenler.nl\/wp\/turkiye\/2021de-telefon-kayit-ucretine-zam\/\">2021\u2019de Telefon Kay\u0131t \u00dccretine Zam<\/a><\/blockquote><iframe sandbox=\"allow-scripts\" security=\"restricted\" src=\"https:\/\/silayolusevenler.nl\/wp\/turkiye\/2021de-telefon-kayit-ucretine-zam\/embed\/#?secret=QA5YqZgOXj\" width=\"600\" height=\"338\" title=\"&#8220;2021\u2019de Telefon Kay\u0131t \u00dccretine Zam&#8221; &#8212; S\u0131la Yolu Sevenler\" data-secret=\"QA5YqZgOXj\" frameborder=\"0\" marginwidth=\"0\" marginheight=\"0\" scrolling=\"no\" class=\"wp-embedded-content\"><\/iframe><script type=\"text\/javascript\">\n\/* <![CDATA[ *\/\n\/*! This file is auto-generated *\/\n!function(d,l){\"use strict\";l.querySelector&&d.addEventListener&&\"undefined\"!=typeof URL&&(d.wp=d.wp||{},d.wp.receiveEmbedMessage||(d.wp.receiveEmbedMessage=function(e){var t=e.data;if((t||t.secret||t.message||t.value)&&!\/[^a-zA-Z0-9]\/.test(t.secret)){for(var s,r,n,a=l.querySelectorAll('iframe[data-secret=\"'+t.secret+'\"]'),o=l.querySelectorAll('blockquote[data-secret=\"'+t.secret+'\"]'),c=new RegExp(\"^https?:$\",\"i\"),i=0;i<o.length;i++)o[i].style.display=\"none\";for(i=0;i<a.length;i++)s=a[i],e.source===s.contentWindow&&(s.removeAttribute(\"style\"),\"height\"===t.message?(1e3<(r=parseInt(t.value,10))?r=1e3:~~r<200&&(r=200),s.height=r):\"link\"===t.message&&(r=new URL(s.getAttribute(\"src\")),n=new URL(t.value),c.test(n.protocol))&&n.host===r.host&&l.activeElement===s&&(d.top.location.href=t.value))}},d.addEventListener(\"message\",d.wp.receiveEmbedMessage,!1),l.addEventListener(\"DOMContentLoaded\",function(){for(var e,t,s=l.querySelectorAll(\"iframe.wp-embedded-content\"),r=0;r<s.length;r++)(t=(e=s[r]).getAttribute(\"data-secret\"))||(t=Math.random().toString(36).substring(2,12),e.src+=\"#?secret=\"+t,e.setAttribute(\"data-secret\",t)),e.contentWindow.postMessage({message:\"ready\",secret:t},\"*\")},!1)))}(window,document);\n\/* ]]> *\/\n<\/script>\n","thumbnail_url":"https:\/\/silayolusevenler.nl\/wp\/wp-content\/uploads\/2020\/12\/zamtelefon.jpg","thumbnail_width":1024,"thumbnail_height":576,"description":"2021\u2019de Telefon Kay\u0131t \u00dccretine Zam T\u00fcrkiye\u2019ye ak\u0131ll\u0131 telefon g\u00f6t\u00fcrmek isteyenleri d\u00fc\u015f\u00fcnd\u00fcrecek yeni bir haber geldi. 2020 y\u0131l\u0131n\u0131n ba\u015f\u0131nda y\u00fczde 22,8\u2019lik bir art\u0131\u015f ya\u015fayan Telefon (IMEI) kay\u0131t \u00fccreti, 2021 y\u0131l\u0131nda yine zamlanacak. De\u011fi\u015fen kur sebebiyle T\u00fcrkiye\u2019de elektronik ve teknolojik \u00fcr\u00fcnlerin fiyatlar\u0131 da g\u00fcn ge\u00e7tik\u00e7e art\u0131yor. Bu ba\u011flamda t\u00fcketiciler de daha uygun fiyata \u00fcr\u00fcnler almak i\u00e7in ara\u015ft\u0131rmalar [&hellip;]"}