{"version":"1.0","provider_name":"S\u0131la Yolu Sevenler","provider_url":"https:\/\/silayolusevenler.nl\/wp","author_name":"SYS Edit\u00f6r","author_url":"https:\/\/silayolusevenler.nl\/wp\/author\/admin\/","title":"Hac organizasyonu iptal mi edilecek? - S\u0131la Yolu Sevenler","type":"rich","width":600,"height":338,"html":"<blockquote class=\"wp-embedded-content\" data-secret=\"VYlBBhy3MU\"><a href=\"https:\/\/silayolusevenler.nl\/wp\/turkiye\/hac-organizasyonu-iptal-mi-edilecek\/\">Hac organizasyonu iptal mi edilecek?<\/a><\/blockquote><iframe sandbox=\"allow-scripts\" security=\"restricted\" src=\"https:\/\/silayolusevenler.nl\/wp\/turkiye\/hac-organizasyonu-iptal-mi-edilecek\/embed\/#?secret=VYlBBhy3MU\" width=\"600\" height=\"338\" title=\"&#8220;Hac organizasyonu iptal mi edilecek?&#8221; &#8212; S\u0131la Yolu Sevenler\" data-secret=\"VYlBBhy3MU\" frameborder=\"0\" marginwidth=\"0\" marginheight=\"0\" scrolling=\"no\" class=\"wp-embedded-content\"><\/iframe><script type=\"text\/javascript\">\n\/* <![CDATA[ *\/\n\/*! This file is auto-generated *\/\n!function(d,l){\"use strict\";l.querySelector&&d.addEventListener&&\"undefined\"!=typeof URL&&(d.wp=d.wp||{},d.wp.receiveEmbedMessage||(d.wp.receiveEmbedMessage=function(e){var t=e.data;if((t||t.secret||t.message||t.value)&&!\/[^a-zA-Z0-9]\/.test(t.secret)){for(var s,r,n,a=l.querySelectorAll('iframe[data-secret=\"'+t.secret+'\"]'),o=l.querySelectorAll('blockquote[data-secret=\"'+t.secret+'\"]'),c=new RegExp(\"^https?:$\",\"i\"),i=0;i<o.length;i++)o[i].style.display=\"none\";for(i=0;i<a.length;i++)s=a[i],e.source===s.contentWindow&&(s.removeAttribute(\"style\"),\"height\"===t.message?(1e3<(r=parseInt(t.value,10))?r=1e3:~~r<200&&(r=200),s.height=r):\"link\"===t.message&&(r=new URL(s.getAttribute(\"src\")),n=new URL(t.value),c.test(n.protocol))&&n.host===r.host&&l.activeElement===s&&(d.top.location.href=t.value))}},d.addEventListener(\"message\",d.wp.receiveEmbedMessage,!1),l.addEventListener(\"DOMContentLoaded\",function(){for(var e,t,s=l.querySelectorAll(\"iframe.wp-embedded-content\"),r=0;r<s.length;r++)(t=(e=s[r]).getAttribute(\"data-secret\"))||(t=Math.random().toString(36).substring(2,12),e.src+=\"#?secret=\"+t,e.setAttribute(\"data-secret\",t)),e.contentWindow.postMessage({message:\"ready\",secret:t},\"*\")},!1)))}(window,document);\n\/* ]]> *\/\n<\/script>\n","thumbnail_url":"https:\/\/silayolusevenler.nl\/wp\/wp-content\/uploads\/2020\/04\/EUHp6S8XYAIcVb0.jpg","thumbnail_width":720,"thumbnail_height":501,"description":"Hac organizasyonu iptal mi edilecek? Suudi Arabistan\u2019dan hac organizasyonunda iptal sinyali. Suudi Arabistan, korona vir\u00fcsle m\u00fccadele kapsam\u0131nda M\u00fcsl\u00fcmanlara hacc\u0131n iptal olabilece\u011fi sinyalini verdi. \u00c7in\u2019in Wuhan \u015fehrinde ortaya \u00e7\u0131kan ve t\u00fcm d\u00fcnyaya h\u0131zla yay\u0131lan korona vir\u00fcs salg\u0131n\u0131 b\u00fct\u00fcn insanl\u0131\u011f\u0131 olumsuz etkiliyor. Suudi Arabistan Hac ve Umre Bakan\u0131 Muhammed Salih bin Taher Banten, hac vazifesini yerine getirmek [&hellip;]"}