{"version":"1.0","provider_name":"S\u0131la Yolu Sevenler","provider_url":"https:\/\/silayolusevenler.nl\/wp","author_name":"SYS Edit\u00f6r","author_url":"https:\/\/silayolusevenler.nl\/wp\/author\/admin\/","title":"Almanya tarihindeki en b\u00fcy\u00fck tahliye - S\u0131la Yolu Sevenler","type":"rich","width":600,"height":338,"html":"<blockquote class=\"wp-embedded-content\" data-secret=\"spo0gyciVH\"><a href=\"https:\/\/silayolusevenler.nl\/wp\/ulkeler\/almanya\/almanya-tarihindeki-en-buyuk-tahliyeyi-baslatti\/\">Almanya tarihindeki en b\u00fcy\u00fck tahliye<\/a><\/blockquote><iframe sandbox=\"allow-scripts\" security=\"restricted\" src=\"https:\/\/silayolusevenler.nl\/wp\/ulkeler\/almanya\/almanya-tarihindeki-en-buyuk-tahliyeyi-baslatti\/embed\/#?secret=spo0gyciVH\" width=\"600\" height=\"338\" title=\"&#8220;Almanya tarihindeki en b\u00fcy\u00fck tahliye&#8221; &#8212; S\u0131la Yolu Sevenler\" data-secret=\"spo0gyciVH\" frameborder=\"0\" marginwidth=\"0\" marginheight=\"0\" scrolling=\"no\" class=\"wp-embedded-content\"><\/iframe><script type=\"text\/javascript\">\n\/* <![CDATA[ *\/\n\/*! This file is auto-generated *\/\n!function(d,l){\"use strict\";l.querySelector&&d.addEventListener&&\"undefined\"!=typeof URL&&(d.wp=d.wp||{},d.wp.receiveEmbedMessage||(d.wp.receiveEmbedMessage=function(e){var t=e.data;if((t||t.secret||t.message||t.value)&&!\/[^a-zA-Z0-9]\/.test(t.secret)){for(var s,r,n,a=l.querySelectorAll('iframe[data-secret=\"'+t.secret+'\"]'),o=l.querySelectorAll('blockquote[data-secret=\"'+t.secret+'\"]'),c=new RegExp(\"^https?:$\",\"i\"),i=0;i<o.length;i++)o[i].style.display=\"none\";for(i=0;i<a.length;i++)s=a[i],e.source===s.contentWindow&&(s.removeAttribute(\"style\"),\"height\"===t.message?(1e3<(r=parseInt(t.value,10))?r=1e3:~~r<200&&(r=200),s.height=r):\"link\"===t.message&&(r=new URL(s.getAttribute(\"src\")),n=new URL(t.value),c.test(n.protocol))&&n.host===r.host&&l.activeElement===s&&(d.top.location.href=t.value))}},d.addEventListener(\"message\",d.wp.receiveEmbedMessage,!1),l.addEventListener(\"DOMContentLoaded\",function(){for(var e,t,s=l.querySelectorAll(\"iframe.wp-embedded-content\"),r=0;r<s.length;r++)(t=(e=s[r]).getAttribute(\"data-secret\"))||(t=Math.random().toString(36).substring(2,12),e.src+=\"#?secret=\"+t,e.setAttribute(\"data-secret\",t)),e.contentWindow.postMessage({message:\"ready\",secret:t},\"*\")},!1)))}(window,document);\n\/* ]]> *\/\n<\/script>\n","thumbnail_url":"https:\/\/silayolusevenler.nl\/wp\/wp-content\/uploads\/2020\/04\/airport-731196_1920-e1585908289104.jpg","thumbnail_width":1920,"thumbnail_height":1089,"description":"Almanya tarihindeki en b\u00fcy\u00fck tahliye Almanya yurtd\u0131\u015f\u0131nda kalan vatanda\u015flar\u0131n\u0131 geri getirmek i\u00e7in tarihinin en b\u00fcy\u00fck tahliye operasyonu i\u00e7in d\u00fc\u011fmeye bast\u0131. B\u00fct\u00e7esinden 50 milyon Euro ay\u0131ran Almanya, yurtd\u0131\u015f\u0131nda bulunan 160.000 vatanda\u015f\u0131n\u0131 geri getirmek istiyor. Bakanl\u0131k tahliye operasyonu i\u00e7in ayr\u0131ca 150 memuru 3 vardiya \u00e7al\u0131\u015facak seklinde g\u00f6revlendirdi. Korona vir\u00fcs salg\u0131n\u0131 sebebiyle bir \u00e7ok \u00fclke hava trafi\u011fini durdurmu\u015f [&hellip;]"}