{"version":"1.0","provider_name":"S\u0131la Yolu Sevenler","provider_url":"https:\/\/silayolusevenler.nl\/wp","author_name":"SYS Edit\u00f6r","author_url":"https:\/\/silayolusevenler.nl\/wp\/author\/admin\/","title":"Gurbet\u00e7i Ba\u015ft\u00fcrk ailesinin ac\u0131 g\u00fcn\u00fc - S\u0131la Yolu Sevenler","type":"rich","width":600,"height":338,"html":"<blockquote class=\"wp-embedded-content\" data-secret=\"Y7ZgHF2XFu\"><a href=\"https:\/\/silayolusevenler.nl\/wp\/ulkeler\/almanya\/gurbetci-basturk-ailesinin-aci-gunu\/\">Gurbet\u00e7i Ba\u015ft\u00fcrk ailesinin ac\u0131 g\u00fcn\u00fc<\/a><\/blockquote><iframe sandbox=\"allow-scripts\" security=\"restricted\" src=\"https:\/\/silayolusevenler.nl\/wp\/ulkeler\/almanya\/gurbetci-basturk-ailesinin-aci-gunu\/embed\/#?secret=Y7ZgHF2XFu\" width=\"600\" height=\"338\" title=\"&#8220;Gurbet\u00e7i Ba\u015ft\u00fcrk ailesinin ac\u0131 g\u00fcn\u00fc&#8221; &#8212; S\u0131la Yolu Sevenler\" data-secret=\"Y7ZgHF2XFu\" frameborder=\"0\" marginwidth=\"0\" marginheight=\"0\" scrolling=\"no\" class=\"wp-embedded-content\"><\/iframe><script type=\"text\/javascript\">\n\/* <![CDATA[ *\/\n\/*! This file is auto-generated *\/\n!function(d,l){\"use strict\";l.querySelector&&d.addEventListener&&\"undefined\"!=typeof URL&&(d.wp=d.wp||{},d.wp.receiveEmbedMessage||(d.wp.receiveEmbedMessage=function(e){var t=e.data;if((t||t.secret||t.message||t.value)&&!\/[^a-zA-Z0-9]\/.test(t.secret)){for(var s,r,n,a=l.querySelectorAll('iframe[data-secret=\"'+t.secret+'\"]'),o=l.querySelectorAll('blockquote[data-secret=\"'+t.secret+'\"]'),c=new RegExp(\"^https?:$\",\"i\"),i=0;i<o.length;i++)o[i].style.display=\"none\";for(i=0;i<a.length;i++)s=a[i],e.source===s.contentWindow&&(s.removeAttribute(\"style\"),\"height\"===t.message?(1e3<(r=parseInt(t.value,10))?r=1e3:~~r<200&&(r=200),s.height=r):\"link\"===t.message&&(r=new URL(s.getAttribute(\"src\")),n=new URL(t.value),c.test(n.protocol))&&n.host===r.host&&l.activeElement===s&&(d.top.location.href=t.value))}},d.addEventListener(\"message\",d.wp.receiveEmbedMessage,!1),l.addEventListener(\"DOMContentLoaded\",function(){for(var e,t,s=l.querySelectorAll(\"iframe.wp-embedded-content\"),r=0;r<s.length;r++)(t=(e=s[r]).getAttribute(\"data-secret\"))||(t=Math.random().toString(36).substring(2,12),e.src+=\"#?secret=\"+t,e.setAttribute(\"data-secret\",t)),e.contentWindow.postMessage({message:\"ready\",secret:t},\"*\")},!1)))}(window,document);\n\/* ]]> *\/\n<\/script>\n","thumbnail_url":"https:\/\/silayolusevenler.nl\/wp\/wp-content\/uploads\/2020\/04\/basturk1.jpg","thumbnail_width":1920,"thumbnail_height":1108,"description":"Gurbet\u00e7i Ba\u015ft\u00fcrk ailesinin ac\u0131 g\u00fcn\u00fc Almanya\u2019n\u0131n Aachen \u015fehrinde korona vir\u00fcs nedeniyle 70 ya\u015f\u0131ndaki gurbet\u00e7i Emine Ba\u015ft\u00fcrk kaybetti. Ailece karantinaya al\u0131nan Ba\u015ft\u00fcrk ailesi, anneleri i\u00e7in cenaze namaz\u0131n\u0131 k\u0131lam\u0131yor ve annelerini u\u011furlayam\u0131yor. \u00c7ar\u015famba g\u00fcn\u00fc hayat\u0131n\u0131 kaybeden Emine Ba\u015ft\u00fcrk aslen K\u00fctahya\u2019l\u0131 ve Almanya Aachen\u2019da ya\u015f\u0131yordu. Korona vir\u00fcse yenik d\u00fc\u015fen Emine Ba\u015ft\u00fcrk, daha \u00f6nceleri de \u00e7e\u015fitli hastal\u0131klardan dolay tedavi [&hellip;]"}